{"id":145,"date":"2023-04-03T18:25:01","date_gmt":"2023-04-03T16:25:01","guid":{"rendered":"https:\/\/conshannover.esteri.it\/news\/"},"modified":"2023-04-13T19:02:12","modified_gmt":"2023-04-13T17:02:12","slug":"news","status":"publish","type":"page","link":"https:\/\/conshannover.esteri.it\/de\/news\/","title":{"rendered":"Nachrichten"},"content":{"rendered":"        <div class=\"row\">\n\t\t\t<!-- Ricerca sedi post -->\n\t\t\t<div class=\"col-12 mt-4\">\n\t\t\t  <div class=\"callout callout-highlight note ricerca-esteri p-4\">\n                    <div class=\"callout-title\">\n                        <svg class=\"icon\">\n                            <use xlink:href=\"https:\/\/conshannover.esteri.it\/wp-content\/themes\/sedi-tema\/assets\/svg\/sprites.svg#it-search\"><\/use>\n                        <\/svg>Geben Sie Ihre Suchparameter ein                    <\/div>\n                    <form id=\"searchFormPost\" name=\"form-search-post\" class=\"form-row align-items-center\" action=\"https:\/\/conshannover.esteri.it\/de\/wp-json\/wp\/v2\/pages\/145\/\" method=\"GET\"> \n                        <!-- <div class=\"form-group pt-5\"> -->\n                            <!-- <input type=\"hidden\" id=\"lang\" name=\"lang\" value=\"\"> --> <!-- <\/div> -->\n\n                        <div class=\"it-datepicker-wrapper\">\n                            <div class=\"row\">\n                                <div class=\"form-group col-md-6\">\n                                    <label class=\"active\" for=\"date-init\">Von dem<\/label>\n                                    <input class=\"form-control\" name=\"date-init\" id=\"date-init\" type=\"date\" placeholder=\"gg\/mm\/aaaa\" value=\"\"lang=\"en-EN\">  \n                                <\/div>\n                                <div class=\"form-group col-md-6\">\n                                    <label class=\"active\" for=\"date-end\">Zum<\/label>\n                                    <input class=\"form-control\" name=\"date-end\" id=\"date-end\" type=\"date\" placeholder=\"gg\/mm\/aaaa\" value=\"\">\n                                <\/div>\n                            <\/div>\n                        <\/div>\n                        <div class=\"form-group col-md-12 mt-3\">\n                            <label for=\"searchText\">Freies Suchfeld<\/label>\n                            <input type=\"text\" name=\"searchText\" class=\"form-control\" id=\"searchText\" value=\"\">\n                        <\/div>\n                        <div class=\"form-group col-md-4 offset-md-8 text-end\">\n                            <a href=\"https:\/\/conshannover.esteri.it\/de\/news\/\" title=\"Form reset\" id=\"resetImput\" class=\"btn btn-outline-primary btn-xs\">Reset<\/a>\n                            <button type=\"submit\" class=\"btn btn-primary btn-xs\">Zeige Ergebnisse<\/button>\n                        <\/div>\n                    <\/form>\n\t\t\t\t<\/div>\n\t\t\t<\/div>\n\t\t<\/div>\n                    \n            <div class=\"row\">\n                            <div class=\"col-12 mt-3\">\n                <!--start card-->\n                <div class=\"card-wrapper card-space\">\n                    <div class=\"card card-bg card-big border-bottom-card\">\n                        <div class=\"card-body \">\n                                                        <div class=\"category-top\">\n                                                                                                            <span class=\"\">\n                                        <svg class=\"icon icon-secondary\">\n                                            <use xlink:href=\"https:\/\/conshannover.esteri.it\/wp-content\/themes\/sedi-tema\/assets\/svg\/sprites.svg#it-calendar\"><\/use>\n                                        <\/svg> 18 M\u00e4rz 2026                                    <\/span>\n                                                                    <\/div>\n                            <h5 class=\"card-title big-heading text-uppercase\"><a class=\"text-body text-decoration-none\" href=\"https:\/\/conshannover.esteri.it\/de\/news\/dal_consolato\/2026\/03\/avviso-di-selezione-per-lassunzione-di-n-1-impiegato-a-da-adibire-ai-servizi-di-assistente-amministrativo-a-contratto-scadenza-17-04-2026\/\" title=\"Avviso di selezione per l\u2019assunzione di n. 1 impiegato\/a da adibire ai servizi di assistente amministrativo a contratto (scadenza: 17\/04\/2026)\">Avviso di selezione per l\u2019assunzione di n. 1 impiegato\/a da adibire ai servizi di assistente amministrativo a contratto (scadenza: 17\/04\/2026)<\/a><\/h5>\n                            <p class=\"card-text\">Il Consolato Generale di Hannover ha indetto una procedura di selezione per l\u2019assunzione di n. 1 impiegato\/a a contratto da adibire ai servizi di assistente amministrativo (scadenza: 17 aprile 2026). &nbsp; Cliccare per scaricare il bando Fac-simile di domanda<\/p>\n                                <a title=\"Avviso di selezione per l\u2019assunzione di n. 1 impiegato\/a da adibire ai servizi di assistente amministrativo a contratto (scadenza: 17\/04\/2026)\" class=\"read-more\" href=\"https:\/\/conshannover.esteri.it\/de\/news\/dal_consolato\/2026\/03\/avviso-di-selezione-per-lassunzione-di-n-1-impiegato-a-da-adibire-ai-servizi-di-assistente-amministrativo-a-contratto-scadenza-17-04-2026\/\">\n                                    <span class=\"text\">Weiterlesen<\/span>\n                                    <svg class=\"icon\">\n                                    <use xlink:href=\"https:\/\/conshannover.esteri.it\/wp-content\/themes\/sedi-tema\/assets\/svg\/sprites.svg#it-arrow-right\"><\/use>\n                                    <\/svg>\n                                <\/a>\n                                                    <\/div>\n                    <\/div>\n                <\/div>\n                <!--end card-->\n                <\/div><!-- col-12 .mt-3-->\n                            <div class=\"col-12 mt-3\">\n                <!--start card-->\n                <div class=\"card-wrapper card-space\">\n                    <div class=\"card card-bg card-big border-bottom-card\">\n                        <div class=\"card-body \">\n                                                        <div class=\"category-top\">\n                                                                                                            <span class=\"\">\n                                        <svg class=\"icon icon-secondary\">\n                                            <use xlink:href=\"https:\/\/conshannover.esteri.it\/wp-content\/themes\/sedi-tema\/assets\/svg\/sprites.svg#it-calendar\"><\/use>\n                                        <\/svg> 13 M\u00e4rz 2026                                    <\/span>\n                                                                    <\/div>\n                            <h5 class=\"card-title big-heading text-uppercase\"><a class=\"text-body text-decoration-none\" href=\"https:\/\/conshannover.esteri.it\/de\/news\/dal_consolato\/2026\/03\/carta-didentita-elettronica-cie-ab-1-juni-2026-koennen-ins-aire-eingetragene-staatsbuerger-auch-bei-den-italienischen-gemeinden-ihren-personalausweis-beantragen\/\" title=\"Carta d\u2019Identit\u00e0 Elettronica (CIE): Ab 1. Juni 2026 k\u00f6nnen ins AIRE eingetragene Staatsb\u00fcrger auch bei den italienischen Gemeinden ihren Personalausweis beantragen\">Carta d\u2019Identit\u00e0 Elettronica (CIE): Ab 1. Juni 2026 k\u00f6nnen ins AIRE eingetragene Staatsb\u00fcrger auch bei den italienischen Gemeinden ihren Personalausweis beantragen<\/a><\/h5>\n                            <p class=\"card-text\">Italienische Staatsb\u00fcrger, die ins Register der Auslandsitaliener (AIRE) eingetragen sind, k\u00f6nnen ab dem 1. Juni 2026 einen Antrag auf\u00a0Ausstellung des Personalausweises im Scheckkartenformat\u00a0(Carta d\u2019Identit\u00e0 Elettronica \u2013 CIE) nicht mehr ausschlie\u00dflich \u00fcber das zust\u00e4ndige Konsulat, sondern\u00a0auch bei jeder italienischen Gemeinde\u00a0stellen (gem\u00e4\u00df Gesetz Nr. 11 vom 19.1.2026). Die Ausstellung des Personalausweises bei der Gemeinde erfolgt nach denselben [&hellip;]<\/p>\n                                <a title=\"Carta d\u2019Identit\u00e0 Elettronica (CIE): Ab 1. Juni 2026 k\u00f6nnen ins AIRE eingetragene Staatsb\u00fcrger auch bei den italienischen Gemeinden ihren Personalausweis beantragen\" class=\"read-more\" href=\"https:\/\/conshannover.esteri.it\/de\/news\/dal_consolato\/2026\/03\/carta-didentita-elettronica-cie-ab-1-juni-2026-koennen-ins-aire-eingetragene-staatsbuerger-auch-bei-den-italienischen-gemeinden-ihren-personalausweis-beantragen\/\">\n                                    <span class=\"text\">Weiterlesen<\/span>\n                                    <svg class=\"icon\">\n                                    <use xlink:href=\"https:\/\/conshannover.esteri.it\/wp-content\/themes\/sedi-tema\/assets\/svg\/sprites.svg#it-arrow-right\"><\/use>\n                                    <\/svg>\n                                <\/a>\n                                                    <\/div>\n                    <\/div>\n                <\/div>\n                <!--end card-->\n                <\/div><!-- col-12 .mt-3-->\n                            <div class=\"col-12 mt-3\">\n                <!--start card-->\n                <div class=\"card-wrapper card-space\">\n                    <div class=\"card card-bg card-big border-bottom-card\">\n                        <div class=\"card-body \">\n                                                        <div class=\"category-top\">\n                                                                                                            <span class=\"\">\n                                        <svg class=\"icon icon-secondary\">\n                                            <use xlink:href=\"https:\/\/conshannover.esteri.it\/wp-content\/themes\/sedi-tema\/assets\/svg\/sprites.svg#it-calendar\"><\/use>\n                                        <\/svg> 13 M\u00e4rz 2026                                    <\/span>\n                                                                    <\/div>\n                            <h5 class=\"card-title big-heading text-uppercase\"><a class=\"text-body text-decoration-none\" href=\"https:\/\/conshannover.esteri.it\/de\/news\/dal_consolato\/2026\/03\/aussetzung-der-konsularischen-dienstleistungen-am-30-und-31-maerz-2026\/\" title=\"Aussetzung der konsularischen Dienstleistungen am 30. und 31. M\u00e4rz 2026\">Aussetzung der konsularischen Dienstleistungen am 30. und 31. M\u00e4rz 2026<\/a><\/h5>\n                            <p class=\"card-text\">Wir m\u00f6chten unsere Nutzer darauf hinweisen, dass die konsularischen Dienste am 30. und 31. M\u00e4rz aufgrund technischer Arbeiten nicht verf\u00fcgbar sein werden.<\/p>\n                                <a title=\"Aussetzung der konsularischen Dienstleistungen am 30. und 31. M\u00e4rz 2026\" class=\"read-more\" href=\"https:\/\/conshannover.esteri.it\/de\/news\/dal_consolato\/2026\/03\/aussetzung-der-konsularischen-dienstleistungen-am-30-und-31-maerz-2026\/\">\n                                    <span class=\"text\">Weiterlesen<\/span>\n                                    <svg class=\"icon\">\n                                    <use xlink:href=\"https:\/\/conshannover.esteri.it\/wp-content\/themes\/sedi-tema\/assets\/svg\/sprites.svg#it-arrow-right\"><\/use>\n                                    <\/svg>\n                                <\/a>\n                                                    <\/div>\n                    <\/div>\n                <\/div>\n                <!--end card-->\n                <\/div><!-- col-12 .mt-3-->\n                            <div class=\"col-12 mt-3\">\n                <!--start card-->\n                <div class=\"card-wrapper card-space\">\n                    <div class=\"card card-bg card-big border-bottom-card\">\n                        <div class=\"card-body \">\n                                                        <div class=\"category-top\">\n                                                                                                            <span class=\"\">\n                                        <svg class=\"icon icon-secondary\">\n                                            <use xlink:href=\"https:\/\/conshannover.esteri.it\/wp-content\/themes\/sedi-tema\/assets\/svg\/sprites.svg#it-calendar\"><\/use>\n                                        <\/svg> 12 M\u00e4rz 2026                                    <\/span>\n                                                                    <\/div>\n                            <h5 class=\"card-title big-heading text-uppercase\"><a class=\"text-body text-decoration-none\" href=\"https:\/\/conshannover.esteri.it\/de\/news\/dal_consolato\/2026\/03\/gone-jazzkonzert\/\" title=\"GONE &#8211; Jazzkonzert\">GONE &#8211; Jazzkonzert<\/a><\/h5>\n                            <p class=\"card-text\">Sonntag, 26. April 2026, 19.30 Uhr Theater in der List Spichernstr. 13, 30161 Hannover &nbsp; Lusi\/Zanchini\/Masciari Trio GONE Jazzkonzert Eintritt frei \/ Anmeldung \u00fcber Eventibrite Das Trio Lusi\/Zanchini\/Masciari (Saxophon, Akkordeon und Gitarre) pr\u00e4sentiert sein neuestes Album GONE, mit Originalst\u00fccken von intensiver Spontaneit\u00e4t, mit \u00fcberraschend frischen Kl\u00e4ngen und raffinierter Leidenschaft. Das Album war sofort ein gro\u00dfer [&hellip;]<\/p>\n                                <a title=\"GONE &#8211; Jazzkonzert\" class=\"read-more\" href=\"https:\/\/conshannover.esteri.it\/de\/news\/dal_consolato\/2026\/03\/gone-jazzkonzert\/\">\n                                    <span class=\"text\">Weiterlesen<\/span>\n                                    <svg class=\"icon\">\n                                    <use xlink:href=\"https:\/\/conshannover.esteri.it\/wp-content\/themes\/sedi-tema\/assets\/svg\/sprites.svg#it-arrow-right\"><\/use>\n                                    <\/svg>\n                                <\/a>\n                                                    <\/div>\n                    <\/div>\n                <\/div>\n                <!--end card-->\n                <\/div><!-- col-12 .mt-3-->\n                            <div class=\"col-12 mt-3\">\n                <!--start card-->\n                <div class=\"card-wrapper card-space\">\n                    <div class=\"card card-bg card-big border-bottom-card\">\n                        <div class=\"card-body \">\n                                                        <div class=\"category-top\">\n                                                                                                            <span class=\"\">\n                                        <svg class=\"icon icon-secondary\">\n                                            <use xlink:href=\"https:\/\/conshannover.esteri.it\/wp-content\/themes\/sedi-tema\/assets\/svg\/sprites.svg#it-calendar\"><\/use>\n                                        <\/svg> 10 M\u00e4rz 2026                                    <\/span>\n                                                                    <\/div>\n                            <h5 class=\"card-title big-heading text-uppercase\"><a class=\"text-body text-decoration-none\" href=\"https:\/\/conshannover.esteri.it\/de\/news\/dal_consolato\/2026\/03\/aperture-al-pubblico-straordinarie-sabato-14-e-domenica-15-marzo-dalle-ore-10-00-alle-13-00\/\" title=\"Aperture al pubblico straordinarie: sabato 14 e domenica 15 marzo dalle ore 10.00 alle 13.00\">Aperture al pubblico straordinarie: sabato 14 e domenica 15 marzo dalle ore 10.00 alle 13.00<\/a><\/h5>\n                            <p class=\"card-text\">Questa Sede, esclusivamente per il rilascio dei duplicati dei plichi elettorali, osserver\u00e0 le seguenti aperture al pubblico straordinarie: sabato 14 e domenica 15 marzo dalle ore 10.00 alle 13.00.<\/p>\n                                <a title=\"Aperture al pubblico straordinarie: sabato 14 e domenica 15 marzo dalle ore 10.00 alle 13.00\" class=\"read-more\" href=\"https:\/\/conshannover.esteri.it\/de\/news\/dal_consolato\/2026\/03\/aperture-al-pubblico-straordinarie-sabato-14-e-domenica-15-marzo-dalle-ore-10-00-alle-13-00\/\">\n                                    <span class=\"text\">Weiterlesen<\/span>\n                                    <svg class=\"icon\">\n                                    <use xlink:href=\"https:\/\/conshannover.esteri.it\/wp-content\/themes\/sedi-tema\/assets\/svg\/sprites.svg#it-arrow-right\"><\/use>\n                                    <\/svg>\n                                <\/a>\n                                                    <\/div>\n                    <\/div>\n                <\/div>\n                <!--end card-->\n                <\/div><!-- col-12 .mt-3-->\n                            <div class=\"col-12 mt-3\">\n                <!--start card-->\n                <div class=\"card-wrapper card-space\">\n                    <div class=\"card card-bg card-big border-bottom-card\">\n                        <div class=\"card-body \">\n                                                        <div class=\"category-top\">\n                                                                                                            <span class=\"\">\n                                        <svg class=\"icon icon-secondary\">\n                                            <use xlink:href=\"https:\/\/conshannover.esteri.it\/wp-content\/themes\/sedi-tema\/assets\/svg\/sprites.svg#it-calendar\"><\/use>\n                                        <\/svg> 20 Februar 2026                                    <\/span>\n                                                                    <\/div>\n                            <h5 class=\"card-title big-heading text-uppercase\"><a class=\"text-body text-decoration-none\" href=\"https:\/\/conshannover.esteri.it\/de\/news\/dal_consolato\/2026\/02\/sospensione-operativa-temporanea-prenotami-nei-giorni-23-24-25-febbraio\/\" title=\"Vor\u00fcbergehende Aussetzung des Betriebs von PRENOTAMI am 23., 24. und 25. Februar\">Vor\u00fcbergehende Aussetzung des Betriebs von PRENOTAMI am 23., 24. und 25. Februar<\/a><\/h5>\n                            <p class=\"card-text\">Wir m\u00f6chten Sie dar\u00fcber informieren, dass die Plattform PRENOTAMI ab dem 23.02., um 10:00 Uhr aufgrund einer Aktualisierung nicht verf\u00fcgbar sein wird. Die Plattform wird am 26.02. wieder verf\u00fcgbar sein.<\/p>\n                                <a title=\"Vor\u00fcbergehende Aussetzung des Betriebs von PRENOTAMI am 23., 24. und 25. Februar\" class=\"read-more\" href=\"https:\/\/conshannover.esteri.it\/de\/news\/dal_consolato\/2026\/02\/sospensione-operativa-temporanea-prenotami-nei-giorni-23-24-25-febbraio\/\">\n                                    <span class=\"text\">Weiterlesen<\/span>\n                                    <svg class=\"icon\">\n                                    <use xlink:href=\"https:\/\/conshannover.esteri.it\/wp-content\/themes\/sedi-tema\/assets\/svg\/sprites.svg#it-arrow-right\"><\/use>\n                                    <\/svg>\n                                <\/a>\n                                                    <\/div>\n                    <\/div>\n                <\/div>\n                <!--end card-->\n                <\/div><!-- col-12 .mt-3-->\n                            <div class=\"col-12 mt-3\">\n                <!--start card-->\n                <div class=\"card-wrapper card-space\">\n                    <div class=\"card card-bg card-big border-bottom-card\">\n                        <div class=\"card-body \">\n                                                        <div class=\"category-top\">\n                                                                                                            <span class=\"\">\n                                        <svg class=\"icon icon-secondary\">\n                                            <use xlink:href=\"https:\/\/conshannover.esteri.it\/wp-content\/themes\/sedi-tema\/assets\/svg\/sprites.svg#it-calendar\"><\/use>\n                                        <\/svg> 26 Januar 2026                                    <\/span>\n                                                                    <\/div>\n                            <h5 class=\"card-title big-heading text-uppercase\"><a class=\"text-body text-decoration-none\" href=\"https:\/\/conshannover.esteri.it\/de\/news\/dal_consolato\/2026\/01\/referendum-confermativo-22-23-marzo-2026-opzione-degli-elettori-temporaneamente-allestero\/\" title=\"Referendum Confermativo 22-23 marzo 2026 &#8211; OPZIONE DEGLI Elettori temporaneamente all\u2019estero\">Referendum Confermativo 22-23 marzo 2026 &#8211; OPZIONE DEGLI Elettori temporaneamente all\u2019estero<\/a><\/h5>\n                            <p class=\"card-text\">Referendum Confermativo 22-23 marzo 2026 OPZIONE DEGLI Elettori temporaneamente all\u2019estero &nbsp; Con\u00a0decreto del Presidente della Repubblica del 13\/01\/2026, pubblicato nella Gazzetta Ufficiale del 14\/01\/2026, \u00e8 stata fissata\u00a0nei giorni 22 e 23 MARZO 2026\u00a0la data del referendum ex art. 138 della Costituzione per la modifica di alcuni articoli della Costituzione (c.d. \u201cRiforma della giustizia\u201d). Gli elettori [&hellip;]<\/p>\n                                <a title=\"Referendum Confermativo 22-23 marzo 2026 &#8211; OPZIONE DEGLI Elettori temporaneamente all\u2019estero\" class=\"read-more\" href=\"https:\/\/conshannover.esteri.it\/de\/news\/dal_consolato\/2026\/01\/referendum-confermativo-22-23-marzo-2026-opzione-degli-elettori-temporaneamente-allestero\/\">\n                                    <span class=\"text\">Weiterlesen<\/span>\n                                    <svg class=\"icon\">\n                                    <use xlink:href=\"https:\/\/conshannover.esteri.it\/wp-content\/themes\/sedi-tema\/assets\/svg\/sprites.svg#it-arrow-right\"><\/use>\n                                    <\/svg>\n                                <\/a>\n                                                    <\/div>\n                    <\/div>\n                <\/div>\n                <!--end card-->\n                <\/div><!-- col-12 .mt-3-->\n                            <div class=\"col-12 mt-3\">\n                <!--start card-->\n                <div class=\"card-wrapper card-space\">\n                    <div class=\"card card-bg card-big border-bottom-card\">\n                        <div class=\"card-body \">\n                                                        <div class=\"category-top\">\n                                                                                                            <span class=\"\">\n                                        <svg class=\"icon icon-secondary\">\n                                            <use xlink:href=\"https:\/\/conshannover.esteri.it\/wp-content\/themes\/sedi-tema\/assets\/svg\/sprites.svg#it-calendar\"><\/use>\n                                        <\/svg> 21 Januar 2026                                    <\/span>\n                                                                    <\/div>\n                            <h5 class=\"card-title big-heading text-uppercase\"><a class=\"text-body text-decoration-none\" href=\"https:\/\/conshannover.esteri.it\/de\/news\/dal_consolato\/2026\/01\/lombra-del-giorno-spielfilm-italien-2022\/\" title=\"L\u2019ombra del giorno  &#8211; Spielfilm, Italien, 2022\">L\u2019ombra del giorno  &#8211; Spielfilm, Italien, 2022<\/a><\/h5>\n                            <p class=\"card-text\">Dienstag, 27. Januar 2026, 18.30 Uhr Italienisches Generalkonsulat, Freundallee 27, 30173 Hannover &nbsp; L\u2019ombra del giorno Spielfilm, Italien, 2022 Mit Riccardo Scamarcio, Benedetta Porcaroli; Regie Giuseppe Piccioni Italienisch mit englischen Untertiteln \u00a0 Anl\u00e4sslich des Internationalen Tages des Gedenkens an die Opfer des Holocaust &nbsp; Kriegsheimkehrer Luciano hat sich hinter den Mauern seines Restaurants in Ascoli [&hellip;]<\/p>\n                                <a title=\"L\u2019ombra del giorno  &#8211; Spielfilm, Italien, 2022\" class=\"read-more\" href=\"https:\/\/conshannover.esteri.it\/de\/news\/dal_consolato\/2026\/01\/lombra-del-giorno-spielfilm-italien-2022\/\">\n                                    <span class=\"text\">Weiterlesen<\/span>\n                                    <svg class=\"icon\">\n                                    <use xlink:href=\"https:\/\/conshannover.esteri.it\/wp-content\/themes\/sedi-tema\/assets\/svg\/sprites.svg#it-arrow-right\"><\/use>\n                                    <\/svg>\n                                <\/a>\n                                                    <\/div>\n                    <\/div>\n                <\/div>\n                <!--end card-->\n                <\/div><!-- col-12 .mt-3-->\n                            <div class=\"col-12 mt-3\">\n                <!--start card-->\n                <div class=\"card-wrapper card-space\">\n                    <div class=\"card card-bg card-big border-bottom-card\">\n                        <div class=\"card-body \">\n                                                        <div class=\"category-top\">\n                                                                                                            <span class=\"\">\n                                        <svg class=\"icon icon-secondary\">\n                                            <use xlink:href=\"https:\/\/conshannover.esteri.it\/wp-content\/themes\/sedi-tema\/assets\/svg\/sprites.svg#it-calendar\"><\/use>\n                                        <\/svg> 20 Januar 2026                                    <\/span>\n                                                                    <\/div>\n                            <h5 class=\"card-title big-heading text-uppercase\"><a class=\"text-body text-decoration-none\" href=\"https:\/\/conshannover.esteri.it\/de\/news\/dal_consolato\/2026\/01\/referendum-confermativo-22-23-marzo-2026-faq\/\" title=\"Referendum Confermativo 22-23 marzo 2026: FAQ\">Referendum Confermativo 22-23 marzo 2026: FAQ<\/a><\/h5>\n                            <p class=\"card-text\">Si allegato una brochure informativa per il Referendum 2026<\/p>\n                                <a title=\"Referendum Confermativo 22-23 marzo 2026: FAQ\" class=\"read-more\" href=\"https:\/\/conshannover.esteri.it\/de\/news\/dal_consolato\/2026\/01\/referendum-confermativo-22-23-marzo-2026-faq\/\">\n                                    <span class=\"text\">Weiterlesen<\/span>\n                                    <svg class=\"icon\">\n                                    <use xlink:href=\"https:\/\/conshannover.esteri.it\/wp-content\/themes\/sedi-tema\/assets\/svg\/sprites.svg#it-arrow-right\"><\/use>\n                                    <\/svg>\n                                <\/a>\n                                                    <\/div>\n                    <\/div>\n                <\/div>\n                <!--end card-->\n                <\/div><!-- col-12 .mt-3-->\n                            <div class=\"col-12 mt-3\">\n                <!--start card-->\n                <div class=\"card-wrapper card-space\">\n                    <div class=\"card card-bg card-big border-bottom-card\">\n                        <div class=\"card-body \">\n                                                        <div class=\"category-top\">\n                                                                                                            <span class=\"\">\n                                        <svg class=\"icon icon-secondary\">\n                                            <use xlink:href=\"https:\/\/conshannover.esteri.it\/wp-content\/themes\/sedi-tema\/assets\/svg\/sprites.svg#it-calendar\"><\/use>\n                                        <\/svg> 15 Januar 2026                                    <\/span>\n                                                                    <\/div>\n                            <h5 class=\"card-title big-heading text-uppercase\"><a class=\"text-body text-decoration-none\" href=\"https:\/\/conshannover.esteri.it\/de\/news\/dal_consolato\/2026\/01\/referendum-costituzionale-confermativo-dei-giorni-22-e-23-marzo-2026\/\" title=\"REFERENDUM COSTITUZIONALE CONFERMATIVO DEI GIORNI 22 e 23 marzo 2026\">REFERENDUM COSTITUZIONALE CONFERMATIVO DEI GIORNI 22 e 23 marzo 2026<\/a><\/h5>\n                            <p class=\"card-text\">VOTO PER CORRISPONDENZA DEI CITTADINI ITALIANI ALL\u2019ESTERO E OPZIONE PER IL VOTO IN ITALIA Con decreto del Presidente della Repubblica del 13\/01\/2026, pubblicato nella Gazzetta Ufficiale del 14\/01\/2026, \u00e8 stata fissata\u00a0nei giorni 22 e 23 MARZO 2026\u00a0la data del referendum ex art. 138 della Costituzione per la modifica di alcuni articoli della Costituzione (c.d. \u201cRiforma [&hellip;]<\/p>\n                                <a title=\"REFERENDUM COSTITUZIONALE CONFERMATIVO DEI GIORNI 22 e 23 marzo 2026\" class=\"read-more\" href=\"https:\/\/conshannover.esteri.it\/de\/news\/dal_consolato\/2026\/01\/referendum-costituzionale-confermativo-dei-giorni-22-e-23-marzo-2026\/\">\n                                    <span class=\"text\">Weiterlesen<\/span>\n                                    <svg class=\"icon\">\n                                    <use xlink:href=\"https:\/\/conshannover.esteri.it\/wp-content\/themes\/sedi-tema\/assets\/svg\/sprites.svg#it-arrow-right\"><\/use>\n                                    <\/svg>\n                                <\/a>\n                                                    <\/div>\n                    <\/div>\n                <\/div>\n                <!--end card-->\n                <\/div><!-- col-12 .mt-3-->\n            \n            <div class=\"col-md-12 mt-4 pb-4\">\n                <nav class=\"navigation col-md-12\" aria-label=\"Navigation\">\n                    <h2 class=\"screen-reader-text visually-hidden\">Seitennummerierung<\/h2>\n                    <div class=\"nav-links\">\n                    <span aria-current=\"page\" class=\"page-numbers current\">1<\/span>\n<a class=\"page-numbers\" href=\"https:\/\/conshannover.esteri.it\/de\/wp-json\/wp\/v2\/pages\/145\/?pag=2\">2<\/a>\n<a class=\"page-numbers\" href=\"https:\/\/conshannover.esteri.it\/de\/wp-json\/wp\/v2\/pages\/145\/?pag=3\">3<\/a>\n<span class=\"page-numbers dots\">&hellip;<\/span>\n<a class=\"page-numbers\" href=\"https:\/\/conshannover.esteri.it\/de\/wp-json\/wp\/v2\/pages\/145\/?pag=30\">30<\/a>\n<a class=\"next page-numbers\" href=\"https:\/\/conshannover.esteri.it\/de\/wp-json\/wp\/v2\/pages\/145\/?pag=2\"><svg class=\"icon icon-primary\"><use xlink:href=\"https:\/\/conshannover.esteri.it\/wp-content\/themes\/sedi-tema\/assets\/svg\/sprites.svg#it-chevron-right\"><\/use><\/svg>\n                                    <span class=\"visually-hidden\">N\u00e4chste Seite<\/span><\/a>                    <\/div>\n                <\/nav>\n            <\/div>   <!--.col-md-12 -->\n              <\/div><!--.row -->\n              \n","protected":false},"excerpt":{"rendered":"","protected":false},"author":1,"featured_media":0,"parent":0,"menu_order":10,"comment_status":"closed","ping_status":"closed","template":"","meta":{"footnotes":""},"class_list":["post-145","page","type-page","status-publish","hentry"],"_links":{"self":[{"href":"https:\/\/conshannover.esteri.it\/de\/wp-json\/wp\/v2\/pages\/145","targetHints":{"allow":["GET"]}}],"collection":[{"href":"https:\/\/conshannover.esteri.it\/de\/wp-json\/wp\/v2\/pages"}],"about":[{"href":"https:\/\/conshannover.esteri.it\/de\/wp-json\/wp\/v2\/types\/page"}],"author":[{"embeddable":true,"href":"https:\/\/conshannover.esteri.it\/de\/wp-json\/wp\/v2\/users\/1"}],"replies":[{"embeddable":true,"href":"https:\/\/conshannover.esteri.it\/de\/wp-json\/wp\/v2\/comments?post=145"}],"version-history":[{"count":1,"href":"https:\/\/conshannover.esteri.it\/de\/wp-json\/wp\/v2\/pages\/145\/revisions"}],"predecessor-version":[{"id":149,"href":"https:\/\/conshannover.esteri.it\/de\/wp-json\/wp\/v2\/pages\/145\/revisions\/149"}],"wp:attachment":[{"href":"https:\/\/conshannover.esteri.it\/de\/wp-json\/wp\/v2\/media?parent=145"}],"curies":[{"name":"wp","href":"https:\/\/api.w.org\/{rel}","templated":true}]}}